{"id":13247,"date":"2023-04-10T21:06:56","date_gmt":"2023-04-10T21:06:56","guid":{"rendered":"https:\/\/sylvainchamberland.com\/?page_id=13247"},"modified":"2023-10-10T10:10:39","modified_gmt":"2023-10-10T10:10:39","slug":"dr-chamberland","status":"publish","type":"page","link":"https:\/\/www.sylvainchamberland.com\/en\/dr-chamberland\/","title":{"rendered":"Dr. Chamberland"},"content":{"rendered":"\n<section  class=\"o-block block-doctor-media-text\">\n    <div class=\"c-media-text o-container\">\n        <div class=\"c-media-text_inner relative-media left\">\n            <div class=\"c-media-text_media -align_v-align-top\">\n                <img decoding=\"async\" class=\"c-media-text_image\"\n                    src=\"https:\/\/www.sylvainchamberland.com\/wp-content\/uploads\/2023\/03\/Dr-Sylvain-Chamberland.png\"\n                     srcset=\"https:\/\/www.sylvainchamberland.com\/wp-content\/uploads\/2023\/03\/Dr-Sylvain-Chamberland.png 1536w, https:\/\/www.sylvainchamberland.com\/wp-content\/uploads\/2023\/03\/Dr-Sylvain-Chamberland.png 2048w, https:\/\/www.sylvainchamberland.com\/wp-content\/uploads\/2023\/03\/Dr-Sylvain-Chamberland.png 1440w, https:\/\/www.sylvainchamberland.com\/wp-content\/uploads\/2023\/03\/Dr-Sylvain-Chamberland-534x720.png 720w, https:\/\/www.sylvainchamberland.com\/wp-content\/uploads\/2023\/03\/Dr-Sylvain-Chamberland-267x360.png 360w\" sizes=\"(max-width: 1000px) 100vw, 50vw\"                     alt=\"Dr Sylvain Chamberland\">\n            <\/div>\n            <div class=\"c-media-text_content -align_v-align-center\">\n                <h1>Who is Dr Sylvain Chamberland?<\/h1>\n<p>Dr. Sylvain Chamberland is the person responsible for access to information and protection of personal information at the clinic. Please contact him if you believe you are the victim of a security breach involving your personal information.<\/p>\n<p>Dr. Chamberland is the Clinic&#8217;s Access to Information and Privacy Officer. Please contact him if you feel that you have been the victim of a security breach regarding your personal information.<\/p>\n<p><a class=\"linkedin-link\" href=\"https:\/\/www.linkedin.com\/in\/chamberland\" target=\"_blank\" rel=\"noopener\">Consult my profile<\/a><\/p>\n<p class=\"u-padding-top-xs\"><a class=\"c-btn u-margin-right-sm u-margin-bottom-sm@tablet\" href=\"\/en\/cases-treated\/\">Cases treated<\/a><a class=\"c-btn -secondary u-margin-bottom-sm@tablet\" href=\"\/en\/questions-and-answers\/\">Questions and answers<\/a><\/p>\n\n            <\/div>\n        <\/div>\n    <\/div>\n<\/section>\n\n\n<section  class=\"o-block block-association-doctor-page u-padding-bottom-none u-bg-background\">\n    <div class=\"c-text o-container\">\n        <div class=\"c-text_inner\">\n            \n                            <div class=\"c-text_content w-100\">\n                <h2 style=\"text-align: center;\">Professional recognition<\/h2>\n<ul>\n<li>Fellow of the World Federation of Orthodontists, since 2012<br \/>\n<a class=\"link-association\" href=\"https:\/\/www.wfo.org\/\" target=\"_blank\" rel=\"noopener\"><img loading=\"lazy\" decoding=\"async\" class=\"alignnone size-full wp-image-696\" src=\"\/wp-content\/uploads\/2023\/04\/logo.png\" alt=\"\" width=\"266\" height=\"47\" \/><\/a><\/li>\n<li>Regular member of the Angle East Society of Orthodontists since April 2006<br \/>\n<a class=\"link-association\" href=\"https:\/\/angleeast.org\/\" target=\"_blank\" rel=\"noopener\"><img loading=\"lazy\" decoding=\"async\" class=\"alignnone size-full wp-image-698\" src=\"\/wp-content\/uploads\/2023\/04\/logo-1.png\" alt=\"\" width=\"270\" height=\"68\" \/><\/a><\/li>\n<li>Fellow of the Royal College of Dentists of Canada since August 1997<br \/>\n<a class=\"link-association\" href=\"https:\/\/rcdc.ca\/fr\/\" target=\"_blank\" rel=\"noopener\"><img decoding=\"async\" class=\"alignnone size-full wp-image-726\" src=\"\/wp-content\/uploads\/2023\/04\/RCDC_Logo_Fr_Acronym_RGB-01.png\" alt=\"\" width=\"185\" srcset=\"https:\/\/www.sylvainchamberland.com\/wp-content\/uploads\/2023\/04\/RCDC_Logo_Fr_Acronym_RGB-01.png 450w, https:\/\/www.sylvainchamberland.com\/wp-content\/uploads\/2023\/04\/RCDC_Logo_Fr_Acronym_RGB-01-360x103.png 360w\" sizes=\"(max-width: 450px) 100vw, 450px\" \/><\/a><\/li>\n<li>Diplomate of the American Board of Orthodontics since February 1995<br \/>\n<a class=\"link-association\" href=\"https:\/\/www.americanboardortho.com\/\" target=\"_blank\" rel=\"noopener\"><img loading=\"lazy\" decoding=\"async\" class=\"alignnone size-full wp-image-727\" src=\"\/wp-content\/uploads\/2023\/04\/abo_seal_blue.png\" alt=\"\" width=\"105\" height=\"89\" \/><\/a><\/li>\n<li>Member of the Canadian Association of Orthodontists since 1988<br \/>\n<a class=\"link-association\" href=\"https:\/\/www.cao-aco.org\/\" target=\"_blank\" rel=\"noopener\"><img loading=\"lazy\" decoding=\"async\" class=\"alignnone size-full wp-image-728\" src=\"\/wp-content\/uploads\/2023\/04\/ACO.png\" alt=\"Association canadienne des orthodontistes\" width=\"133\" height=\"79\" \/><\/a><\/li>\n<li>Member of the Quebec Order of Dentists since 1983<br \/>\n<a class=\"link-association\" href=\"http:\/\/www.odq.qc.ca\/\" target=\"_blank\" rel=\"noopener\"><img loading=\"lazy\" decoding=\"async\" class=\"alignnone size-full wp-image-729\" src=\"\/wp-content\/uploads\/2023\/04\/ordre-dentiste.png\" alt=\"\" width=\"200\" height=\"75\" \/><\/a><\/li>\n<\/ul>\n\n            <\/div>\n                    <\/div>\n    <\/div>\n<\/section>\n\n\n<section class=\"o-block accordion-bio-doctor\">\n    <div class=\"c-accordion o-container -lg\">\n                <div class=\"c-accordion_inner\">\n                            <div id=\"accordion_id\" class=\"c-accordion_item\" aria-expanded=\"false\" role=\"growarea\">\n                    <div class=\"c-accordion_item_head\">\n                        <h4 class=\"title\">Academic training<\/h4>\n                    <\/div>\n                    <div class=\"c-accordion_item_body\">\n                        <div class=\"c-accordion_item_content\"><h5 class=\"c-heading -h3\">Diplomas<\/h5>\n<p>Master of Dental Science (M.Sc.)<br \/>\nFaculty of Dentistry<br \/>\nLaval University, 2008<\/p>\n<p>Certificate in orthodontics<br \/>\nFaculty of Dentistry<br \/>\nUniversity of Montreal, 1990<\/p>\n<p>Doctorate in Dental Medicine (D.M.D.)<br \/>\nFaculty of Dentistry<br \/>\nLaval University, 1983<\/p>\n<p>Diploma of Collegial Studies (D.E.C.) (general training in health sciences)<br \/>\nCollege of L\u00e9vis, 1979<\/p>\n<p>Diploma of Secondary Studies (D.E.S.) (general education)<br \/>\nPolyvalente de Saint-Damien<br \/>\nSaint-Damien, Bellechasse (Quebec) 1977<\/p>\n<h6 class=\"c-heading -h4 u-margin-top-sm\">Specific training<\/h6>\n<p>Orthodontic mini-residency<br \/>\nDepartment of Orthodontics, University of North Carolina School of Dentistry<br \/>\nFebruary 2001, Chapel Hill<\/p>\n<p>Orthodontic mini-residency<br \/>\nUniversity of Washington, Seattle<br \/>\nOctober 1997<\/p>\n<\/div>\n                    <\/div>\n                <\/div>\n                            <div id=\"accordion_id\" class=\"c-accordion_item\" aria-expanded=\"false\" role=\"growarea\">\n                    <div class=\"c-accordion_item_head\">\n                        <h4 class=\"title\">Professional experience<\/h4>\n                    <\/div>\n                    <div class=\"c-accordion_item_body\">\n                        <div class=\"c-accordion_item_content\"><p>Private practice in orthodontics in Quebec<br \/>\nJuly 1990 to date<\/p>\n<p>Chair, Clinical Review Board<br \/>\n<a href=\"https:\/\/angleeast.org\/\" target=\"white\">Angle East Society of Orthodontists<\/a>, 2011 \u2014 2012<\/p>\n<p>Examiner for the specialty of orthodontics at the Royal College of Dentists of Canada<br \/>\nNovember 1999 \u2013 December 2012<\/p>\n<p>Lecturer in orthodontics<br \/>\nLaval University Faculty of Dentistry<br \/>\n1991 to 2008<br \/>\n1984 to 1988<\/p>\n<p>Private practice in orthodontics with the Montagnais community of Natashquan<br \/>\nMay 1996 to June 2001<\/p>\n<p>Private practice in orthodontics with the Montagnais community of La Romaine<br \/>\nMay 1998 to June 2000<\/p>\n<p>Private practice in general dentistry in rural area<br \/>\nSaint-Damien, Bellechasse (Quebec)<br \/>\n1983 \u2013 1988<\/p>\n<\/div>\n                    <\/div>\n                <\/div>\n                            <div id=\"accordion_id\" class=\"c-accordion_item\" aria-expanded=\"false\" role=\"growarea\">\n                    <div class=\"c-accordion_item_head\">\n                        <h4 class=\"title\">Co-supervisor of research<\/h4>\n                    <\/div>\n                    <div class=\"c-accordion_item_body\">\n                        <div class=\"c-accordion_item_content\"><p>Comparative study of bone expansion in 50 subjects in surgically assisted rapid palatal expansion (SARPE) between a tooth-borne and a bone-borne distractor<br \/>\nDr Maxime Duranceau, DMD, Resident, Graduate program of Oral and Maxillofacial Surgeon, Hospital of the Child Jesus<br \/>\nDr Robert Paquin, DMD, MSc, FRCD(c), research director<br \/>\nDr Annie-Claude Valcourt DMD, MSc, FRCD(c), research co-director<br \/>\nDr. Sylvain Chamberland, co-director<br \/>\nMaster&#8217;s Program in Dental Sciences. Faculty of Dentistry, Laval University, Quebec, 2012-present.<\/p>\n<p>The transverse stability of the Le Fort 1 osteotomy<br \/>\nDr Martin Gaboury, DMD, Resident, Graduate program of Oral and Maxillofacial Surgeon, Hospital of the Child Jesus<br \/>\nDr Dany Morais, DMD, MSc, FRCD(c), research director<br \/>\nDr. Luc Giasson, PhD, co-director<br \/>\nDr. Sylvain Chamberland, co-director<br \/>\nMaster&#8217;s Program in Dental Sciences. Faculty of Dentistry, Laval University, Quebec, 2010-2013<\/p>\n<\/div>\n                    <\/div>\n                <\/div>\n                            <div id=\"accordion_id\" class=\"c-accordion_item\" aria-expanded=\"false\" role=\"growarea\">\n                    <div class=\"c-accordion_item_head\">\n                        <h4 class=\"title\">Reviewer<\/h4>\n                    <\/div>\n                    <div class=\"c-accordion_item_body\">\n                        <div class=\"c-accordion_item_content\"><p>American Journal of Orthodontics and Dentofacial Orthopedics (AJODO)<br \/>\nAngle Orthodontist (AO)<br \/>\nJournal of the World Federation of Orthodontists (JWFO)<\/p>\n<\/div>\n                    <\/div>\n                <\/div>\n                            <div id=\"publications\" class=\"c-accordion_item\" aria-expanded=\"false\" role=\"growarea\">\n                    <div class=\"c-accordion_item_head\">\n                        <h4 class=\"title\">Publications<\/h4>\n                    <\/div>\n                    <div class=\"c-accordion_item_body\">\n                        <div class=\"c-accordion_item_content\"><p><a href=\"https:\/\/www.researchgate.net\/publication\/371697264_Maxillary_expansion_in_nongrowing_patients_Conventional_surgical_or_miniscrew-assisted_an_update\" target=\"_blank\" rel=\"noopener\"><strong>Maxillary expansion in nongrowing patients. Conventional, surgical, or miniscrew-assisted, an update<\/strong><\/a><br \/>\nS. Chamberland<br \/>\nJournal of the World Federation of Orthodontists 2023<br \/>\nDOI: 10.1016\/j.ejwf.2023.04.005<\/p>\n<p><a href=\"https:\/\/www.researchgate.net\/publication\/362801610_Asymmetric_Maxillary_Expansion_Introduced_by_Surgically_Assisted_Rapid_Palatal_Expansion_A_Systematic_Review\" target=\"_blank\" rel=\"noopener\"><strong>Asymmetric Maxillary Expansion Introduced by Surgically Assisted Rapid Palatal Expansion: A Systematic Review<\/strong><\/a><br \/>\nJ. H. Lin, C. Li, H. Wong, S. Chamberland, A. D. Le and C. H. Chung<br \/>\nJ Oral Maxillofac Surg 2022 Vol. 80 Issue 12 Pages 1902-1911<br \/>\nAccession Number: 36113583 DOI: 10.1016\/j.joms.2022.08.008<br \/>\n<a href=\"https:\/\/pubmed.ncbi.nlm.nih.gov\/36113583\/\" target=\"_blank\" rel=\"noopener\">https:\/\/pubmed.ncbi.nlm.nih.gov\/36113583\/<\/a><\/p>\n<p><strong><a href=\"https:\/\/www.researchgate.net\/publication\/359923458_Assessment_of_soft-tissue_vs_hard-tissue_changes_after_isolated_functional_genioplasty\" target=\"_blank\" rel=\"noopener\">[Assessment of soft-tissue vs hard-tissue changes after isolated functional genioplasty]<\/a><\/strong><br \/>\nS. Chamberland and N. Nataf<br \/>\nOrthod Fr 2022 Vol. 93 Issue 3 Pages 213-233<br \/>\nAccession Number: 36217582 DOI: 10.1684\/orthodfr.2022.89<br \/>\n<a href=\"https:\/\/www.ncbi.nlm.nih.gov\/pubmed\/36217582\" target=\"_blank\" rel=\"noopener\">https:\/\/www.ncbi.nlm.nih.gov\/pubmed\/36217582<\/a><\/p>\n<p><a href=\"https:\/\/www.researchgate.net\/publication\/359923458_Assessment_of_soft-tissue_vs_hard-tissue_changes_after_isolated_functional_genioplasty\" target=\"_blank\" rel=\"noopener\"><strong>Assessment of soft-tissue vs hard-tissue changes after isolated functional genioplasty<\/strong><\/a><br \/>\nS. Chamberland and N. Nataf<br \/>\nAmerican Journal of Orthodontics and Dentofacial Orthopedics 2022 Vol. 161 Issue 6 Pages E554-E570<br \/>\nDOI: 10.1016\/j.ajodo.2022.03.003<\/p>\n<p><a href=\"https:\/\/www.researchgate.net\/publication\/367086603_Noninvasive_Management_of_Severe_Vertical_Skeletal_Dysplasia\" target=\"_blank\" rel=\"noopener\"><strong>Noninvasive Management of Severe Vertical Skeletal Dysplasia<\/strong><\/a><br \/>\nS. Chamberland<br \/>\nJCO 2022 Vol. LVI Issue 11 Pages 633-648<\/p>\n<p><a href=\"https:\/\/www.researchgate.net\/publication\/344293412_CONSERVATIVE_MANAGEMENT_OF_ANTERIOR_OPEN_BITE_MASO_Journal_Middle_Atlantic_Society_of_Orthodontists_Autumn_2020\" target=\"_blank\" rel=\"noopener\"><strong>Conservative management of anterior open bite<\/strong><\/a><br \/>\nS. Chamberland<br \/>\nMASO Journal 2020 Issue Autumn Pages 8-11<\/p>\n<p><a href=\"https:\/\/www.researchgate.net\/publication\/340556332_Consideration_of_Maxillary_Skeletal_Expansion_MSE_and_Mandibular_Symphyseal_Distraction_Osteogenesis_MSDO_for_the_Treatment_of_Sleep_Apnea_and_Snoring\" target=\"_blank\" rel=\"noopener\"><strong>Consideration of Maxillary Skeletal Expansion (MSE) and Mandibular Symphyseal Distraction Osteogenesis (MSDO) for the Treatment of Sleep Apnea and Snoring<\/strong><\/a><br \/>\nS. Chamberland<br \/>\nJournal of Dental Sleep Medicine 2020 Vol. 7 Issue 2<br \/>\nDOI: 10.15331\/jdsm.7124<\/p>\n<p><a href=\"https:\/\/www.researchgate.net\/publication\/336146372_Progressive_idiopathic_condylar_resorption_Three_case_reports\" target=\"_blank\" rel=\"noopener\"><strong>Progressive idiopathic condylar resorption: Three case reports<\/strong><\/a><br \/>\nS. Chamberland<br \/>\nAmerican Journal of Orthodontics and Dentofacial Orthopedics 2019 Vol. 156 Issue 4 Pages 531-544<br \/>\nDOI: 10.1016\/j.ajodo.2018.05.023<br \/>\n<a href=\"https:\/\/www.ajodo.org\/article\/S0889-5406(18)31122-3\/fulltext\" target=\"_blank\" rel=\"noopener\">https:\/\/www.ajodo.org\/article\/S0889-5406(18)31122-3\/fulltext<\/a><\/p>\n<p><a href=\"https:\/\/www.researchgate.net\/publication\/329777253_A_la_memoire_de_William_Robert_Proffit\" target=\"_blank\" rel=\"noopener\"><strong>\u00c0 la m\u00e9moire de WIlliam R. Proffit<\/strong><\/a><br \/>\nS. Chamberland<br \/>\nOrthod Fr 2018 Vol. 89 Issue 4 Pages 323-326<br \/>\nAccession Number: 30565551 DOI: 10.1051\/orthodfr\/2018038<br \/>\n<a href=\"https:\/\/www.ncbi.nlm.nih.gov\/pubmed\/30565551\" target=\"_blank\" rel=\"noopener\">https:\/\/www.ncbi.nlm.nih.gov\/pubmed\/30565551<\/a><\/p>\n<p><strong><a href=\"https:\/\/www.researchgate.net\/publication\/264390864_Functional_genioplasty_in_growing_patients\" target=\"_blank\" rel=\"noopener\">[Functional genioplasty in growing patients]<\/a><\/strong><br \/>\nS. Chamberland, W. R. Proffit and P. E. Chamberland<br \/>\nOrthod Fr 2016 Vol. 87 Issue 2 Pages 175-88<br \/>\nAccession Number: 27358003 DOI: 10.1051\/orthodfr\/2016020<br \/>\n<a href=\"https:\/\/www.ncbi.nlm.nih.gov\/pubmed\/27358003\" target=\"_blank\" rel=\"noopener\">https:\/\/www.ncbi.nlm.nih.gov\/pubmed\/27358003<\/a><\/p>\n<p><a href=\"https:\/\/www.researchgate.net\/publication\/264390864_Functional_genioplasty_in_growing_patients\" target=\"_blank\" rel=\"noopener\"><strong>Functional genioplasty in growing patients<\/strong><\/a><br \/>\nS. Chamberland, W. R. Proffit and P. E. Chamberland<br \/>\nAngle Orthod 2015 Vol. 85 Issue 3 Pages 360-73<br \/>\nAccession Number: 25078974 DOI: 10.2319\/030414-152.1<br \/>\n<a href=\"https:\/\/www.ncbi.nlm.nih.gov\/pubmed\/25078974\" target=\"_blank\" rel=\"noopener\">https:\/\/www.ncbi.nlm.nih.gov\/pubmed\/25078974<\/a><\/p>\n<p><a href=\"https:\/\/www.researchgate.net\/publication\/316108733_Response_to-_Functional_genioplasty_in_growing_patients_by_Chamberland_S_Proffit_WR_Chamberland_PE_Angle_Orthod_2015_85-360-373_angl-85-06-1083-10832E1-2\" target=\"_blank\" rel=\"noopener\"><strong>Response to- Functional genioplasty in growing patients by Chamberland S, Proffit WR, Chamberland PE. Angle Orthod. 2015; 85:360-373.<\/strong><\/a><br \/>\nS. Chamberland<br \/>\nAngle Orthod 2015 Vol. 85 Issue 6 Pages 1083<br \/>\nDOI: <a href=\"https:\/\/doi.org\/10.2319\/angl-85-06-1083-1083.1\" target=\"_blank\" rel=\"noopener\">https:\/\/doi.org\/10.2319\/angl-85-06-1083-1083.1<\/a><\/p>\n<p><a href=\"https:\/\/www.researchgate.net\/publication\/236637629_Long-term_dental_and_skeletal_changes_following_surgically_assisted_rapid_palatal_expansion\" target=\"_blank\" rel=\"noopener\"><strong>Long-term dental and skeletal changes following surgically assisted rapid palatal expansion<\/strong><\/a><br \/>\nS. Chamberland<br \/>\nOral Surg Oral Med Oral Pathol Oral Radiol 2013 Vol. 116 Issue 1 Pages 120-1<br \/>\nAccession Number: 23643581 DOI: 10.1016\/j.oooo.2013.01.054<\/p>\n<p><a href=\"https:\/\/www.researchgate.net\/publication\/51191190_Short-term_and_long-term_stability_of_surgically_assisted_rapid_palatal_expansion_revisited\" target=\"_blank\" rel=\"noopener\"><strong>Short-term and long-term stability of surgically assisted rapid palatal expansion revisited<\/strong><\/a><br \/>\nS. Chamberland and W. R. Proffit<br \/>\nAm J Orthod Dentofacial Orthop 2011 Vol. 139 Issue 6 Pages 815-822 e1<br \/>\nAccession Number: 21640889 PMCID: PMC4044726 DOI: 10.1016\/j.ajodo.2010.04.032<br \/>\n<a href=\"https:\/\/www.ncbi.nlm.nih.gov\/pubmed\/21640889\" target=\"_blank\" rel=\"noopener\">https:\/\/www.ncbi.nlm.nih.gov\/pubmed\/21640889<\/a><\/p>\n<p><a href=\"https:\/\/www.researchgate.net\/publication\/23185456_Closer_Look_at_the_Stability_of_Surgically_Assisted_Rapid_Palatal_Expansion\" target=\"_blank\" rel=\"noopener\"><strong>Closer look at the stability of surgically assisted rapid palatal expansion<\/strong><\/a><br \/>\nS. Chamberland and W. R. Proffit<br \/>\nJ Oral Maxillofac Surg 2008 Vol. 66 Issue 9 Pages 1895-900<br \/>\nAccession Number: 18718397<br \/>\n<a href=\"http:\/\/www.ncbi.nlm.nih.gov\/entrez\/query.fcgi?\" target=\"_blank\" rel=\"noopener\">http:\/\/www.ncbi.nlm.nih.gov\/entrez\/query.fcgi?<\/a><\/p>\n<\/div>\n                    <\/div>\n                <\/div>\n                            <div id=\"accordion_id\" class=\"c-accordion_item\" aria-expanded=\"false\" role=\"growarea\">\n                    <div class=\"c-accordion_item_head\">\n                        <h4 class=\"title\">Award<\/h4>\n                    <\/div>\n                    <div class=\"c-accordion_item_body\">\n                        <div class=\"c-accordion_item_content\"><p>Brainerd \u201cBarney\u201d Swain Award of Excellence for \u201cBest Paper\u201d (Functional Genioplasty in Growing Patients) presented at the Annual Meeting Angle East Society of Orthodontists, Paris, Avril 2014<\/p>\n<p>Top 16 AJO-DO reviewers for 2012<\/p>\n<p>Prix Gaston Castilloux.<br \/>\nThis award is is a distinction offered by Emile-Beaulieu Fund to a graduate student who is distinguished by the quality of his thesis project (Stabilit\u00e9 de l\u2019expansion palatine assist\u00e9e chirurgicalement compar\u00e9e \u00e0 une ost\u00e9otomie Le Fort 1 multisegment\u00e9e). Qu\u00e9bec, February 2007<\/p>\n<\/div>\n                    <\/div>\n                <\/div>\n                            <div id=\"accordion_id\" class=\"c-accordion_item\" aria-expanded=\"false\" role=\"growarea\">\n                    <div class=\"c-accordion_item_head\">\n                        <h4 class=\"title\">Scientific presentation at the Angle East Society of Orthodontists, component of EHASO<\/h4>\n                    <\/div>\n                    <div class=\"c-accordion_item_body\">\n                        <div class=\"c-accordion_item_content\"><p>Functional genioplasty in growing patients Paris, May 2014<\/p>\n<p>Short and long-term stability of SARPE revisited Ottawa, March 2010<\/p>\n<p>Expansion stability of SARPE compared to segmental Le Fort 1 osteotomy Washington, DC, April 2006<\/p>\n<\/div>\n                    <\/div>\n                <\/div>\n                            <div id=\"accordion_id\" class=\"c-accordion_item\" aria-expanded=\"false\" role=\"growarea\">\n                    <div class=\"c-accordion_item_head\">\n                        <h4 class=\"title\">Guest speaker<\/h4>\n                    <\/div>\n                    <div class=\"c-accordion_item_body\">\n                        <div class=\"c-accordion_item_content\"><p>American Association of Orthodontists (AAO)<br \/>\n109th Annual meeting<br \/>\nBoston, 2009<\/p>\n<p>French Federation of Orthodontics<br \/>\n11th Federation Orthodontic Days<br \/>\nParis, 2008<\/p>\n<p>Department of Orthodontics and Oral Biology<br \/>\nUMC St Radboud<br \/>\nNijmegen, The Netherlands<br \/>\n2008<\/p>\n<p>Department of Orthodontics, University of North Carolina School of Dentistry<br \/>\n2008, 2006, 2004, 2003<\/p>\n<p>SPEED International Users Meeting<br \/>\nWhistler, BC, 2007<\/p>\n<p>Department of Orthodontics, University of Toronto<br \/>\n2007<\/p>\n<p>Department of Orthodontics<br \/>\nNew York University<br \/>\n2005<\/p>\n<p>Department of Orthodontics<br \/>\nBoston University<br \/>\n2005<\/p>\n<p>department of orthodontics<br \/>\nUniversity of Pennsylvania<br \/>\n2004<\/p>\n<p>Faculty of Dentistry, orthodontics section<br \/>\nMontreal university,<br \/>\n2002, 2004<\/p>\n<h6 class=\"c-heading -h4 u-margin-top-sm\">Conferences<\/h6>\n<p>Multidisciplinary case presentation<br \/>\nCanadian Dental Specialty Meeting CDS3<br \/>\nSeptember 2006, Montreal<\/p>\n<p>Stability of Surgically Assisted Rapid Maxillary Expansion<br \/>\nAngle Society of Orthodontists, Eastern Component<br \/>\nWashington DC<br \/>\nUniversity of North Carolina<br \/>\nRaleigh Durham<br \/>\nApril 2006<\/p>\n<p>SPEED seminar<br \/>\nBoston University<br \/>\nNew York University<br \/>\nOctober 2005<\/p>\n<p>Stability of surgically assisted palatal expansion,<br \/>\nPresentation of a research project<br \/>\nFunctional genioplasty to achieve labial competence<br \/>\nAssociation of Orthodontists of Quebec<br \/>\nNovember 2005, Montreal<\/p>\n<p>Genioplasty to obtain lip competency<br \/>\nLunch Seminar, Scientific Meeting of the Canadian Association of Orthodontists<br \/>\nSeptember 2005, Quebec<\/p>\n<p>Surgically assisted palatal expansion<br \/>\nFirst Francophone Orthodontic Meetings<br \/>\nFebruary 2005, Beirut, Lebanon<\/p>\n<p>Presentation to the auxiliary program<br \/>\nCanadian Association of Oral and Maxillofacial Surgeons Conference<br \/>\nSeptember 2004, Quebec<\/p>\n<p>Treatment planning of dentofacial deformity: Surgical orthodontic treatment,<br \/>\nUniversity of North Carolina,<br \/>\nOctober 3003, Raleigh Durham<\/p>\n<p>Philadelphia SPEED seminar.<br \/>\nOne day lecture about the use of Speed appliance, class II correction, sneaky tricks and surgical treatment of dentofacial deformity,<br \/>\nJune 2003, Philadelphia<\/p>\n<p>Multidisciplinarity and orthodontics: from basic principles to complex situations<br \/>\nMaster&#8217;s program in dentistry, option orthodontics<br \/>\nFaculty of Dentistry, orthodontics section<br \/>\nApril 2002, Montreal<\/p>\n<p>Multidisciplinary treatment in orthodontics,<br \/>\nJoint meeting Canadian Dental Association-Journ\u00e9e Dentaire du Qu\u00e9bec,<br \/>\nMay 2002, Montreal<\/p>\n<p>Maxillary transverse deficiency in non-growing patients,<br \/>\nUniversity of North Carolina,<br \/>\nSeptember 2002<\/p>\n<p>Multidisciplinary treatment in orthodontics<br \/>\nFaculty of Continuing Education<br \/>\nLaval University Faculty of Dentistry<br \/>\nMarch 2000, Quebec<\/p>\n<p>Working with Speed Appliance every day<br \/>\nThe Maritimes Speed Study group meeting<br \/>\nJune 2000, Prince Edward Island<\/p>\n<p>Multidisciplinary planning for the treatment of dentoskeletal malocclusions<br \/>\nOral and Maxillofacial Surgery Program<br \/>\nChild Jesus Hospital<br \/>\nMay 1999<\/p>\n<p>Growth control in the treatment of class II malocclusion<br \/>\nQuebec Dental Days<br \/>\nMay 1998, Montreal<\/p>\n<p>Serial extraction and selective proximal reduction<br \/>\nContinuing Education Program<br \/>\nLaval University Faculty of Dentistry<br \/>\nQuebec: April 1997<\/p>\n<p>The use of a protraction mask in the treatment of class III malocclusions<br \/>\n14th Scientific Day<br \/>\nNational Student Colloquium<br \/>\nFaculty of Dentistry of Laval University, Quebec<br \/>\nJanuary 1997<\/p>\n<p>Orthodontic and surgical planning for the treatment of dentoskeletal malocclusions<br \/>\nOral and maxillofacial surgery program<br \/>\nEnfant-J\u00e9sus Hospital, Quebec<br \/>\nMarch 1996<\/p>\n<p>Diagnosis and interception of malocclusions<br \/>\nContinuing Education Program<br \/>\nFaculty of Dentistry of Laval University, Quebec<br \/>\nOctober 1995<\/p>\n<p>Orthognatics and Orthodontics: What&#8217;s What?<br \/>\nCanadian Association of Oral and Maxillofacial Surgeons<br \/>\n41st Annual Meeting, Quebec<br \/>\nSeptember 1994<\/p>\n<p>Superelastic and shape-memory materials in the course <strong>DER6030, Dental materials<\/strong>, orthodontics section<br \/>\nFaculty of Dentistry, University of Montreal, Montreal<br \/>\nDecember 1990, November 1991 \u2013 1992 \u2013 1993<\/p>\n<p>Dr. Sylvain Chamberland is responsible for access to information and the protection of personal information at the clinic. Please contact them if you believe you have experienced a security breach of your personal information.<\/p>\n<\/div>\n                    <\/div>\n                <\/div>\n                    <\/div>\n    <\/div>\n<\/section>","protected":false},"excerpt":{"rendered":"","protected":false},"author":1,"featured_media":0,"parent":0,"menu_order":0,"comment_status":"open","ping_status":"closed","template":"\/templates\/our-team.php","meta":{"_acf_changed":false,"inline_featured_image":false,"footnotes":""},"class_list":["post-13247","page","type-page","status-publish","hentry"],"acf":[],"yoast_head":"<!-- This site is optimized with the Yoast SEO plugin v23.9 - https:\/\/yoast.com\/wordpress\/plugins\/seo\/ -->\n<title>Dr. Chamberland - Dr. Sylvain Chamberland, Orthodontist<\/title>\n<meta name=\"description\" content=\"Dr. Sylvain Chamberland, experienced orthodontist in Quebec City, has been correcting smiles and disorders for 25 years. Make an appointment for your perfect smile!\" \/>\n<meta name=\"robots\" content=\"index, follow, max-snippet:-1, max-image-preview:large, max-video-preview:-1\" \/>\n<link rel=\"canonical\" href=\"https:\/\/www.sylvainchamberland.com\/en\/dr-chamberland\/\" \/>\n<meta property=\"og:locale\" content=\"en_US\" \/>\n<meta property=\"og:type\" content=\"article\" \/>\n<meta property=\"og:title\" content=\"Dr. Chamberland - Dr. Sylvain Chamberland, Orthodontist\" \/>\n<meta property=\"og:description\" content=\"Dr. Sylvain Chamberland, experienced orthodontist in Quebec City, has been correcting smiles and disorders for 25 years. Make an appointment for your perfect smile!\" \/>\n<meta property=\"og:url\" content=\"https:\/\/www.sylvainchamberland.com\/en\/dr-chamberland\/\" \/>\n<meta property=\"og:site_name\" content=\"Dr. Sylvain Chamberland, Orthodontist\" \/>\n<meta property=\"article:modified_time\" content=\"2023-10-10T10:10:39+00:00\" \/>\n<meta name=\"twitter:card\" content=\"summary_large_image\" \/>\n<script type=\"application\/ld+json\" class=\"yoast-schema-graph\">{\"@context\":\"https:\/\/schema.org\",\"@graph\":[{\"@type\":\"WebPage\",\"@id\":\"https:\/\/www.sylvainchamberland.com\/en\/dr-chamberland\/\",\"url\":\"https:\/\/www.sylvainchamberland.com\/en\/dr-chamberland\/\",\"name\":\"Dr. Chamberland - Dr. Sylvain Chamberland, Orthodontist\",\"isPartOf\":{\"@id\":\"https:\/\/www.sylvainchamberland.com\/en\/#website\"},\"datePublished\":\"2023-04-10T21:06:56+00:00\",\"dateModified\":\"2023-10-10T10:10:39+00:00\",\"description\":\"Dr. Sylvain Chamberland, experienced orthodontist in Quebec City, has been correcting smiles and disorders for 25 years. Make an appointment for your perfect smile!\",\"breadcrumb\":{\"@id\":\"https:\/\/www.sylvainchamberland.com\/en\/dr-chamberland\/#breadcrumb\"},\"inLanguage\":\"en-US\",\"potentialAction\":[{\"@type\":\"ReadAction\",\"target\":[\"https:\/\/www.sylvainchamberland.com\/en\/dr-chamberland\/\"]}]},{\"@type\":\"BreadcrumbList\",\"@id\":\"https:\/\/www.sylvainchamberland.com\/en\/dr-chamberland\/#breadcrumb\",\"itemListElement\":[{\"@type\":\"ListItem\",\"position\":1,\"name\":\"Accueil\",\"item\":\"https:\/\/www.sylvainchamberland.com\/en\/\"},{\"@type\":\"ListItem\",\"position\":2,\"name\":\"Dr. Chamberland\"}]},{\"@type\":\"WebSite\",\"@id\":\"https:\/\/www.sylvainchamberland.com\/en\/#website\",\"url\":\"https:\/\/www.sylvainchamberland.com\/en\/\",\"name\":\"Dr. Sylvain Chamberland, Orthodontist\",\"description\":\"\",\"potentialAction\":[{\"@type\":\"SearchAction\",\"target\":{\"@type\":\"EntryPoint\",\"urlTemplate\":\"https:\/\/www.sylvainchamberland.com\/en\/?s={search_term_string}\"},\"query-input\":{\"@type\":\"PropertyValueSpecification\",\"valueRequired\":true,\"valueName\":\"search_term_string\"}}],\"inLanguage\":\"en-US\"}]}<\/script>\n<!-- \/ Yoast SEO plugin. -->","yoast_head_json":{"title":"Dr. Chamberland - Dr. Sylvain Chamberland, Orthodontist","description":"Dr. Sylvain Chamberland, experienced orthodontist in Quebec City, has been correcting smiles and disorders for 25 years. Make an appointment for your perfect smile!","robots":{"index":"index","follow":"follow","max-snippet":"max-snippet:-1","max-image-preview":"max-image-preview:large","max-video-preview":"max-video-preview:-1"},"canonical":"https:\/\/www.sylvainchamberland.com\/en\/dr-chamberland\/","og_locale":"en_US","og_type":"article","og_title":"Dr. Chamberland - Dr. Sylvain Chamberland, Orthodontist","og_description":"Dr. Sylvain Chamberland, experienced orthodontist in Quebec City, has been correcting smiles and disorders for 25 years. Make an appointment for your perfect smile!","og_url":"https:\/\/www.sylvainchamberland.com\/en\/dr-chamberland\/","og_site_name":"Dr. Sylvain Chamberland, Orthodontist","article_modified_time":"2023-10-10T10:10:39+00:00","twitter_card":"summary_large_image","schema":{"@context":"https:\/\/schema.org","@graph":[{"@type":"WebPage","@id":"https:\/\/www.sylvainchamberland.com\/en\/dr-chamberland\/","url":"https:\/\/www.sylvainchamberland.com\/en\/dr-chamberland\/","name":"Dr. Chamberland - Dr. Sylvain Chamberland, Orthodontist","isPartOf":{"@id":"https:\/\/www.sylvainchamberland.com\/en\/#website"},"datePublished":"2023-04-10T21:06:56+00:00","dateModified":"2023-10-10T10:10:39+00:00","description":"Dr. Sylvain Chamberland, experienced orthodontist in Quebec City, has been correcting smiles and disorders for 25 years. Make an appointment for your perfect smile!","breadcrumb":{"@id":"https:\/\/www.sylvainchamberland.com\/en\/dr-chamberland\/#breadcrumb"},"inLanguage":"en-US","potentialAction":[{"@type":"ReadAction","target":["https:\/\/www.sylvainchamberland.com\/en\/dr-chamberland\/"]}]},{"@type":"BreadcrumbList","@id":"https:\/\/www.sylvainchamberland.com\/en\/dr-chamberland\/#breadcrumb","itemListElement":[{"@type":"ListItem","position":1,"name":"Accueil","item":"https:\/\/www.sylvainchamberland.com\/en\/"},{"@type":"ListItem","position":2,"name":"Dr. Chamberland"}]},{"@type":"WebSite","@id":"https:\/\/www.sylvainchamberland.com\/en\/#website","url":"https:\/\/www.sylvainchamberland.com\/en\/","name":"Dr. Sylvain Chamberland, Orthodontist","description":"","potentialAction":[{"@type":"SearchAction","target":{"@type":"EntryPoint","urlTemplate":"https:\/\/www.sylvainchamberland.com\/en\/?s={search_term_string}"},"query-input":{"@type":"PropertyValueSpecification","valueRequired":true,"valueName":"search_term_string"}}],"inLanguage":"en-US"}]}},"_links":{"self":[{"href":"https:\/\/www.sylvainchamberland.com\/en\/wp-json\/wp\/v2\/pages\/13247","targetHints":{"allow":["GET"]}}],"collection":[{"href":"https:\/\/www.sylvainchamberland.com\/en\/wp-json\/wp\/v2\/pages"}],"about":[{"href":"https:\/\/www.sylvainchamberland.com\/en\/wp-json\/wp\/v2\/types\/page"}],"author":[{"embeddable":true,"href":"https:\/\/www.sylvainchamberland.com\/en\/wp-json\/wp\/v2\/users\/1"}],"replies":[{"embeddable":true,"href":"https:\/\/www.sylvainchamberland.com\/en\/wp-json\/wp\/v2\/comments?post=13247"}],"version-history":[{"count":33,"href":"https:\/\/www.sylvainchamberland.com\/en\/wp-json\/wp\/v2\/pages\/13247\/revisions"}],"predecessor-version":[{"id":28339,"href":"https:\/\/www.sylvainchamberland.com\/en\/wp-json\/wp\/v2\/pages\/13247\/revisions\/28339"}],"wp:attachment":[{"href":"https:\/\/www.sylvainchamberland.com\/en\/wp-json\/wp\/v2\/media?parent=13247"}],"curies":[{"name":"wp","href":"https:\/\/api.w.org\/{rel}","templated":true}]}}